{"id":58,"date":"2022-05-30T14:56:22","date_gmt":"2022-05-30T12:56:22","guid":{"rendered":"https:\/\/www.wellness-am-jenneberg.de\/?page_id=58"},"modified":"2022-09-21T13:32:26","modified_gmt":"2022-09-21T11:32:26","slug":"ferienwohnung_start","status":"publish","type":"page","link":"https:\/\/www.wellness-am-jenneberg.de\/?page_id=58","title":{"rendered":"Ruhige Lage im Gr\u00fcnen"},"content":{"rendered":"\n<h2 class=\"has-medium-font-size wp-block-heading\" style=\"font-style:normal;font-weight:600\">Die Unterkunft befindet sich in einer historischen Hofanlage im 1. OG und hat einen sch\u00f6nen Blick auf den K\u00f6lner Dom!<\/h2>\n\n\n\n<h2 class=\"has-medium-font-size wp-block-heading\">Es gibt zwei Schlafr\u00e4ume und zwei Badezimmer (wobei eines mit Sauna und Whirlpool zum Abschalten einl\u00e4dt). Das Wohnzimmer und der Essbereich mit komplett ausgestattete K\u00fcche gehen ineinander \u00fcber.<\/h2>\n\n\n\n<figure class=\"wp-block-gallery has-nested-images columns-default is-cropped wp-block-gallery-1 is-layout-flex wp-block-gallery-is-layout-flex\">\n<figure class=\"wp-block-image size-large\"><img loading=\"lazy\" decoding=\"async\" width=\"911\" height=\"683\" data-id=\"51\" src=\"https:\/\/www.wellness-am-jenneberg.de\/wp-content\/uploads\/2022\/04\/wohnbereich.jpg\" alt=\"\" class=\"wp-image-51\" srcset=\"https:\/\/www.wellness-am-jenneberg.de\/wp-content\/uploads\/2022\/04\/wohnbereich.jpg 911w, https:\/\/www.wellness-am-jenneberg.de\/wp-content\/uploads\/2022\/04\/wohnbereich-300x225.jpg 300w, https:\/\/www.wellness-am-jenneberg.de\/wp-content\/uploads\/2022\/04\/wohnbereich-768x576.jpg 768w\" sizes=\"(max-width: 911px) 100vw, 911px\" \/><figcaption>Die gem\u00fctliche Sitzecke im Wohnzimmer<\/figcaption><\/figure>\n\n\n\n<figure class=\"wp-block-image size-large\"><img loading=\"lazy\" decoding=\"async\" width=\"1440\" height=\"1080\" data-id=\"52\" src=\"https:\/\/www.wellness-am-jenneberg.de\/wp-content\/uploads\/2022\/04\/Wohnzimmer_2.jpg\" alt=\"\" class=\"wp-image-52\" srcset=\"https:\/\/www.wellness-am-jenneberg.de\/wp-content\/uploads\/2022\/04\/Wohnzimmer_2.jpg 1440w, https:\/\/www.wellness-am-jenneberg.de\/wp-content\/uploads\/2022\/04\/Wohnzimmer_2-300x225.jpg 300w, https:\/\/www.wellness-am-jenneberg.de\/wp-content\/uploads\/2022\/04\/Wohnzimmer_2-1024x768.jpg 1024w, https:\/\/www.wellness-am-jenneberg.de\/wp-content\/uploads\/2022\/04\/Wohnzimmer_2-768x576.jpg 768w\" sizes=\"(max-width: 1440px) 100vw, 1440px\" \/><figcaption>Aussicht und gro\u00dfer Fernseher<\/figcaption><\/figure>\n\n\n\n<figure class=\"wp-block-image size-large\"><img loading=\"lazy\" decoding=\"async\" width=\"1440\" height=\"1080\" data-id=\"45\" src=\"https:\/\/www.wellness-am-jenneberg.de\/wp-content\/uploads\/2022\/04\/kueche.jpg\" alt=\"\" class=\"wp-image-45\" srcset=\"https:\/\/www.wellness-am-jenneberg.de\/wp-content\/uploads\/2022\/04\/kueche.jpg 1440w, https:\/\/www.wellness-am-jenneberg.de\/wp-content\/uploads\/2022\/04\/kueche-300x225.jpg 300w, https:\/\/www.wellness-am-jenneberg.de\/wp-content\/uploads\/2022\/04\/kueche-1024x768.jpg 1024w, https:\/\/www.wellness-am-jenneberg.de\/wp-content\/uploads\/2022\/04\/kueche-768x576.jpg 768w\" sizes=\"(max-width: 1440px) 100vw, 1440px\" \/><figcaption>Voll eingerichtete K\u00fcche<\/figcaption><\/figure>\n\n\n\n<figure class=\"wp-block-image size-large\"><img loading=\"lazy\" decoding=\"async\" width=\"1024\" height=\"768\" data-id=\"80\" src=\"https:\/\/www.wellness-am-jenneberg.de\/wp-content\/uploads\/2022\/05\/schlafzimmer_gr.jpg\" alt=\"\" class=\"wp-image-80\" srcset=\"https:\/\/www.wellness-am-jenneberg.de\/wp-content\/uploads\/2022\/05\/schlafzimmer_gr.jpg 1024w, https:\/\/www.wellness-am-jenneberg.de\/wp-content\/uploads\/2022\/05\/schlafzimmer_gr-300x225.jpg 300w, https:\/\/www.wellness-am-jenneberg.de\/wp-content\/uploads\/2022\/05\/schlafzimmer_gr-768x576.jpg 768w\" sizes=\"(max-width: 1024px) 100vw, 1024px\" \/><figcaption>Das gro\u00dfe Schlafzimmer<\/figcaption><\/figure>\n\n\n\n<figure class=\"wp-block-image size-large\"><img loading=\"lazy\" decoding=\"async\" width=\"905\" height=\"678\" data-id=\"44\" src=\"https:\/\/www.wellness-am-jenneberg.de\/wp-content\/uploads\/2022\/04\/kl_schlafzimmer.jpg\" alt=\"\" class=\"wp-image-44\" srcset=\"https:\/\/www.wellness-am-jenneberg.de\/wp-content\/uploads\/2022\/04\/kl_schlafzimmer.jpg 905w, https:\/\/www.wellness-am-jenneberg.de\/wp-content\/uploads\/2022\/04\/kl_schlafzimmer-300x225.jpg 300w, https:\/\/www.wellness-am-jenneberg.de\/wp-content\/uploads\/2022\/04\/kl_schlafzimmer-768x575.jpg 768w\" sizes=\"(max-width: 905px) 100vw, 905px\" \/><figcaption>Kleines Schlafzimmer mit ausziehbarem Bett<\/figcaption><\/figure>\n\n\n\n<figure class=\"wp-block-image size-large\"><img loading=\"lazy\" decoding=\"async\" width=\"1440\" height=\"1920\" data-id=\"38\" src=\"https:\/\/www.wellness-am-jenneberg.de\/wp-content\/uploads\/2022\/04\/bad_aussicht.jpg\" alt=\"\" class=\"wp-image-38\" srcset=\"https:\/\/www.wellness-am-jenneberg.de\/wp-content\/uploads\/2022\/04\/bad_aussicht.jpg 1440w, https:\/\/www.wellness-am-jenneberg.de\/wp-content\/uploads\/2022\/04\/bad_aussicht-225x300.jpg 225w, https:\/\/www.wellness-am-jenneberg.de\/wp-content\/uploads\/2022\/04\/bad_aussicht-768x1024.jpg 768w, https:\/\/www.wellness-am-jenneberg.de\/wp-content\/uploads\/2022\/04\/bad_aussicht-1152x1536.jpg 1152w\" sizes=\"(max-width: 1440px) 100vw, 1440px\" \/><figcaption>Bad mit Aussicht<\/figcaption><\/figure>\n\n\n\n<figure class=\"wp-block-image size-large\"><img loading=\"lazy\" decoding=\"async\" width=\"509\" height=\"679\" data-id=\"48\" src=\"https:\/\/www.wellness-am-jenneberg.de\/wp-content\/uploads\/2022\/04\/toilette_duschbad.jpg\" alt=\"\" class=\"wp-image-48\" srcset=\"https:\/\/www.wellness-am-jenneberg.de\/wp-content\/uploads\/2022\/04\/toilette_duschbad.jpg 509w, https:\/\/www.wellness-am-jenneberg.de\/wp-content\/uploads\/2022\/04\/toilette_duschbad-225x300.jpg 225w\" sizes=\"(max-width: 509px) 100vw, 509px\" \/><figcaption>Weiteres Badezimme<\/figcaption><\/figure>\n\n\n\n<figure class=\"wp-block-image size-large\"><img loading=\"lazy\" decoding=\"async\" width=\"905\" height=\"679\" data-id=\"50\" src=\"https:\/\/www.wellness-am-jenneberg.de\/wp-content\/uploads\/2022\/04\/whirlpool.jpg\" alt=\"\" class=\"wp-image-50\" srcset=\"https:\/\/www.wellness-am-jenneberg.de\/wp-content\/uploads\/2022\/04\/whirlpool.jpg 905w, https:\/\/www.wellness-am-jenneberg.de\/wp-content\/uploads\/2022\/04\/whirlpool-300x225.jpg 300w, https:\/\/www.wellness-am-jenneberg.de\/wp-content\/uploads\/2022\/04\/whirlpool-768x576.jpg 768w\" sizes=\"(max-width: 905px) 100vw, 905px\" \/><figcaption>Der Whirlpool<\/figcaption><\/figure>\n\n\n\n<figure class=\"wp-block-image size-large\"><img loading=\"lazy\" decoding=\"async\" width=\"503\" height=\"678\" data-id=\"46\" src=\"https:\/\/www.wellness-am-jenneberg.de\/wp-content\/uploads\/2022\/04\/sauna.jpg\" alt=\"\" class=\"wp-image-46\" srcset=\"https:\/\/www.wellness-am-jenneberg.de\/wp-content\/uploads\/2022\/04\/sauna.jpg 503w, https:\/\/www.wellness-am-jenneberg.de\/wp-content\/uploads\/2022\/04\/sauna-223x300.jpg 223w\" sizes=\"(max-width: 503px) 100vw, 503px\" \/><figcaption>Sauna neben dem Whirlpool<\/figcaption><\/figure>\n<\/figure>\n","protected":false},"excerpt":{"rendered":"<p>Die Unterkunft befindet sich in einer historischen Hofanlage im 1. OG und hat einen sch\u00f6nen Blick auf den K\u00f6lner Dom! Es gibt zwei Schlafr\u00e4ume und&hellip;<\/p>\n","protected":false},"author":1,"featured_media":0,"parent":0,"menu_order":0,"comment_status":"closed","ping_status":"closed","template":"","meta":{"footnotes":""},"_links":{"self":[{"href":"https:\/\/www.wellness-am-jenneberg.de\/index.php?rest_route=\/wp\/v2\/pages\/58"}],"collection":[{"href":"https:\/\/www.wellness-am-jenneberg.de\/index.php?rest_route=\/wp\/v2\/pages"}],"about":[{"href":"https:\/\/www.wellness-am-jenneberg.de\/index.php?rest_route=\/wp\/v2\/types\/page"}],"author":[{"embeddable":true,"href":"https:\/\/www.wellness-am-jenneberg.de\/index.php?rest_route=\/wp\/v2\/users\/1"}],"replies":[{"embeddable":true,"href":"https:\/\/www.wellness-am-jenneberg.de\/index.php?rest_route=%2Fwp%2Fv2%2Fcomments&post=58"}],"version-history":[{"count":5,"href":"https:\/\/www.wellness-am-jenneberg.de\/index.php?rest_route=\/wp\/v2\/pages\/58\/revisions"}],"predecessor-version":[{"id":88,"href":"https:\/\/www.wellness-am-jenneberg.de\/index.php?rest_route=\/wp\/v2\/pages\/58\/revisions\/88"}],"wp:attachment":[{"href":"https:\/\/www.wellness-am-jenneberg.de\/index.php?rest_route=%2Fwp%2Fv2%2Fmedia&parent=58"}],"curies":[{"name":"wp","href":"https:\/\/api.w.org\/{rel}","templated":true}]}}